{"id":651,"date":"2020-12-04T11:11:55","date_gmt":"2020-12-04T10:11:55","guid":{"rendered":"https:\/\/dzielmysieusmiechem.pl\/?post_type=ak_podopieczni&#038;p=651"},"modified":"2024-07-08T17:45:51","modified_gmt":"2024-07-08T15:45:51","slug":"kamil-grygiel","status":"publish","type":"ak_podopieczni","link":"https:\/\/dzielmysieusmiechem.pl\/en\/podopieczni\/kamil-grygiel\/","title":{"rendered":"Kamil Grygiel"},"content":{"rendered":"<p>Jeszcze kilka lat temu Kamil Grygiel by\u0142 \u015bwietnie zapowiadaj\u0105cym si\u0119 juniorem w dru\u017cynie <strong>G\u00f3rnika Polkowice<\/strong>.\u00a0Gdy pi\u0142karz pi\u0105\u0142 si\u0119 po kolejnych schodach kariery pi\u0142karskiej i przymierzany by\u0142 do klub\u00f3w ekstraklasy, w czerwcu 2017 r. na skutek potr\u0105cenia przez poci\u0105g, lekarze byli zmuszeni do\u00a0<strong>amputacji lewej nogi Kamila<\/strong>. 16-letni ch\u0142opiec nie podda\u0142 si\u0119 i bardzo szybko wr\u00f3ci\u0142 do sportu. Po kilku miesi\u0105cach rehabilitacji pi\u0142k\u0119 no\u017cn\u0105 pe\u0142nosprawnych Kamil zamieni\u0142 na\u00a0<strong>ampfutbol<\/strong> \u2013 futbol w wydaniu zawodnik\u00f3w po amputacji lub z wad\u0105 ko\u0144czyny. Niepe\u0142noletni zawodnik szybko trafi\u0142 do reprezentacji Polski i jeszcze w tym samym roku polecia\u0142 z dru\u017cyn\u0105 na mistrzostwa \u015bwiata do Meksyku.\u00a0Kamil Grygiel, mimo swojego m\u0142odego wieku oraz nied\u0142ugiego sta\u017cu w dru\u017cynie, pom\u00f3g\u0142 naszej kadrze w zaj\u0119ciu\u00a0<strong>7. miejsca na mistrzostwach \u015bwiata<\/strong>, a tak\u017ce w wywalczeniu br\u0105zowego oraz z\u0142otego medalu w dw\u00f3ch ostatnich edycjach <a href=\"https:\/\/ampfutbol.pl\/\">Amp Futbol Cup.<\/a><\/p>\n<p>Fundacja Dzielmy si\u0119 U\u015bmiechem im. Krystiana Popieli dofinansowa\u0142a Kamilowi zakup nowej protezy w kwocie 17 500 z\u0142., kt\u00f3ra pozwoli mu na aktywne funkcjonowanie r\u00f3wnie\u017c poza boiskiem.<\/p>\n<p>Artyku\u0142: <a href=\"https:\/\/sport.onet.pl\/sporty-adaptowane\/fundacja-im-krystiana-popieli-wspomogla-kamila-grygiela-i-zakupie-protezy\/27dppn1\">https:\/\/sport.onet.pl\/sporty-adaptowane\/fundacja-im-krystiana-popieli-wspomogla-kamila-grygiela-i-zakupie-protezy\/27dppn1<\/a><\/p>\n<h4>KAMILU, \u017cyczymy Ci wielu sukces\u00f3w na boiskach ca\u0142ego \u015bwiata! <img decoding=\"async\" class=\"emoji\" role=\"img\" draggable=\"false\" src=\"https:\/\/s.w.org\/images\/core\/emoji\/13.0.1\/svg\/2764.svg\" alt=\"\u2764\ufe0f\" \/><img decoding=\"async\" class=\"emoji\" role=\"img\" draggable=\"false\" src=\"https:\/\/s.w.org\/images\/core\/emoji\/13.0.1\/svg\/1f4aa.svg\" alt=\"\ud83d\udcaa\" \/>\u00a0<img decoding=\"async\" class=\"emoji\" role=\"img\" draggable=\"false\" src=\"https:\/\/s.w.org\/images\/core\/emoji\/13.0.1\/svg\/26bd.svg\" alt=\"\u26bd\ufe0f\" \/><\/h4>","protected":false},"featured_media":2712,"template":"","class_list":["post-651","ak_podopieczni","type-ak_podopieczni","status-publish","has-post-thumbnail","hentry"],"acf":[],"aioseo_notices":[],"_links":{"self":[{"href":"https:\/\/dzielmysieusmiechem.pl\/en\/wp-json\/wp\/v2\/ak_podopieczni\/651","targetHints":{"allow":["GET"]}}],"collection":[{"href":"https:\/\/dzielmysieusmiechem.pl\/en\/wp-json\/wp\/v2\/ak_podopieczni"}],"about":[{"href":"https:\/\/dzielmysieusmiechem.pl\/en\/wp-json\/wp\/v2\/types\/ak_podopieczni"}],"wp:featuredmedia":[{"embeddable":true,"href":"https:\/\/dzielmysieusmiechem.pl\/en\/wp-json\/wp\/v2\/media\/2712"}],"wp:attachment":[{"href":"https:\/\/dzielmysieusmiechem.pl\/en\/wp-json\/wp\/v2\/media?parent=651"}],"curies":[{"name":"wp","href":"https:\/\/api.w.org\/{rel}","templated":true}]}}